{"id":103,"date":"2019-09-15T06:54:18","date_gmt":"2019-09-15T05:54:18","guid":{"rendered":"https:\/\/pax-friedensdienste.de\/wordpress_d\/?page_id=103"},"modified":"2025-09-12T13:53:49","modified_gmt":"2025-09-12T12:53:49","slug":"aei-und-lateinisches-patriarchat-in-bethlehem-jerusalem","status":"publish","type":"page","link":"https:\/\/pax-friedensdienste.de\/wordpress_d\/aei-und-lateinisches-patriarchat-in-bethlehem-jerusalem\/","title":{"rendered":"Friedensdienst in Bethlehem &#038; Jerusalem"},"content":{"rendered":"\nngg_shortcode_0_placeholder\n\n\n\n<figure class=\"wp-block-table is-style-stripes\"><table><tbody><tr><td><strong>Gastland<\/strong><\/td><td><strong>T\u00e4tigkeitsfeld<\/strong><\/td><td><strong>Landessprache<\/strong><\/td><td><\/td><\/tr><tr><td>Pal\u00e4stina\/Israel<\/td><td>Frieden und Vers\u00f6hnung<\/td><td>arabisch\/hebr\u00e4isch<\/td><td><mark style=\"background-color:rgba(0, 0, 0, 0);color:#f00000\" class=\"has-inline-color\"><strong>Das Projekt pausiert und wird derzeit nicht angeboten<\/strong><\/mark><\/td><\/tr><\/tbody><\/table><\/figure>\n\n\n\n<p>Als Freiwillige*r unterst\u00fctzt du die Mitarbeiter*innen des Arab Educational Institute (AEI) bei der Planung, Umsetzung und Nachbereitung von Workshops zum Leben in Pal\u00e4stina. Der Schwerpunkt liegt dabei auf interreligi\u00f6sen und interkulturellen Projekten. Zusammen mit dem \u201eYouth-Staff\u201c betreust und begleitest du junge Menschen, hilfst bei kreativen und spielerischen Angeboten, Ausfl\u00fcgen und Sportangeboten. Je nach eigenen Interessen und Talenten kannst du als Freiwillige*r au\u00dferdem selbstverantwortliche Workshops anbieten (Musik, Theater, Sport, Diskussionsclubs, \u2026) sowie Deutsch und Englisch unterrichten. Au\u00dferdem hilfst du dabei, die Situation in den pal\u00e4stinensischen Autonomiegebieten und vor allem die Situation der Jugendlichen dort \u00fcber verschiedene Medien einer gr\u00f6\u00dferen \u00d6ffentlichkeit zug\u00e4nglich zu machen.<\/p>\n\n\n\n<p>An einem Tag in der Woche unterst\u00fctzt du au\u00dferdem die Abteilung f\u00fcr \u00d6ffentlichkeitsarbeit des Lateinischen Patriarchats in Jerusalem, insbesondere bei der Arbeit mit audiovisuellen Medien oder bei \u00dcbersetzungen. Durch das w\u00f6chentliche Pendeln zwischen den beiden St\u00e4dten und Arbeitsstellen erlebst du die Kontraste der Region.<\/p>\n\n\n\n<p><strong>Du solltest mitbringen:<\/strong><\/p>\n\n\n\n<ul class=\"wp-block-list\">\n<li>Interesse f\u00fcr die Arbeit mit jungen Menschen unterschiedlichster sozialer Herkunft<\/li>\n\n\n\n<li>Neugier auf andere Kulturen und Religionen<\/li>\n\n\n\n<li>Einf\u00fchlungsverm\u00f6gen f\u00fcr die Situation in der Region<\/li>\n\n\n\n<li>Offenheit, Geduld, Kreativit\u00e4t<\/li>\n\n\n\n<li>gerne Erfahrung in der Jugendarbeit<\/li>\n\n\n\n<li>Erfahrung mit audio-visuellen Medien<\/li>\n\n\n\n<li>Interesse an der Projektregion<\/li>\n\n\n\n<li>F\u00e4higkeit, guten Kontakt aufzubauen<\/li>\n\n\n\n<li>Belastbarkeit und Durchsetzungsverm\u00f6gen<\/li>\n\n\n\n<li>Selbstst\u00e4ndigkeit und Eigeninitiative<\/li>\n<\/ul>\n\n\n\n<h3 class=\"wp-block-heading\" id=\"kontext-land-und-leute\">Kontext Land und Leute<\/h3>\n\n\n\n<p>Bethlehem ist eine Universit\u00e4tsstadt mit knapp \u00fcber 30.000 Einwohner*innen im pal\u00e4stinensischen Autonomiegebiet. 16 Prozent des Stadtgebietes sind im Norden durch die israelische Sperrmauer abgetrennt. Im Norden grenzt Bethlehem an Jerusalem. F\u00fcr Christ*innen ist Bethlehem die Geburtsstadt Jesu Christi. Bethlehem ist eine Pilgerstadt, in der alle christlichen Konfessionen vertreten sind. Durch die Besatzung und Abriegelung ist die wirtschaftliche Entwicklung stark beeintr\u00e4chtigt (Arbeitslosigkeit bei ca. 25 Prozent).<\/p>\n\n\n\n<h3 class=\"wp-block-heading\" id=\"tatigkeit-der-partnerorganisationen\">T\u00e4tigkeit der Partnerorganisationen<\/h3>\n\n\n\n<p>Das Arab Educational Institute (AEI) organisiert eine Vielzahl lokaler Aktivit\u00e4ten. Ziel ist die St\u00e4rkung von Dialog und der Aufbau von Kooperationen zur Verst\u00e4ndigung zwischen den Religionsgemeinschaften in der Region. Die dauerhafte Repression, der die pal\u00e4stinensische Gesellschaft ausgesetzt ist, desillusioniert die Menschen, behindert sie in ihrer kreativen Entfaltung und bringt das zivilgesellschaftliche Engagement zum Erliegen. Ziel der Angebote des AEI ist es, Jugendliche und junge Erwachsene darin zu best\u00e4rken, das Leben in Pal\u00e4stina trotz aller Widrigkeiten selbstbewusst und in W\u00fcrde aktiv mitzugestalten.<\/p>\n\n\n\n<p>M\u00f6chtest du mehr \u00fcber unsere Partner in Bethlehem erfahren, dann schaue dich auf ihrem <a href=\"https:\/\/www.facebook.com\/aeiyouthmediahouse bzw. https:\/\/de-de.facebook.com\/groups\/146586100662\/ www.aeicenter.org\">facebook-Account <\/a>um.<\/p>\n\n\n\n<p>Das Lateinische Patriarchat in Jerusalem ist das Oberhaupt der lateinischen Kirche in Jerusalem, das \u00e4hnliche Funktionen hat, wie eine Di\u00f6zese in Deutschland. Die Freiwilligen unterst\u00fctzen dort in der \u00d6ffentlichkeitsarbeit, insbesondere in Bereich der audio-visuellen Medien.<\/p>\n\n\n\n<p>Das Lateinische Partriarchat findest du auf <a rel=\"noreferrer noopener\" href=\"https:\/\/www.facebook.com\/Latin.patriarchate.of.jerusalem\/\" target=\"_blank\">facebook<\/a>, <a rel=\"noreferrer noopener\" href=\"https:\/\/www.instagram.com\/latinpatriarchate\/\" target=\"_blank\">instagram<\/a>, <a rel=\"noreferrer noopener\" href=\"https:\/\/twitter.com\/medialpjen\" target=\"_blank\">twitter<\/a> und auf ihrer <a rel=\"noreferrer noopener\" href=\"https:\/\/www.lpj.org\/\" target=\"_blank\">Homepage<\/a>.<\/p>\n\n\n\n<h3 class=\"wp-block-heading\" id=\"ziele-des-friedensdienstes-in-bethlehem-jerusalem\">Ziele des Friedensdienstes in Bethlehem\/Jerusalem:<\/h3>\n\n\n\n<ul class=\"wp-block-list\">\n<li>Gewaltfreies Handeln umsetzen: St\u00e4rkung von Dialogen und Kooperationen<\/li>\n\n\n\n<li>Weg der Vers\u00f6hnung: F\u00f6rderung der Verst\u00e4ndigung zwischen den Religionen<\/li>\n\n\n\n<li>Strukturelle Ungerechtigkeit anprangern: Besatzung und wirtschaftliche Folgen kennenlernen<\/li>\n<\/ul>\n\n\n\n<hr class=\"wp-block-separator has-css-opacity\"\/>\n\n\n\n<p>Die Besetzung dieser Stelle steht unter dem Vorbehalt der Fortsetzung der F\u00f6rdermittelbewilligung durch das \u201eweltw\u00e4rts\u201c Programm des Bundesministeriums f\u00fcr wirtschaftliche Zusammenarbeit und Entwicklung (BMZ).<\/p>\n\n\n\n<p>Hast du Lust einen Freiwilligendienst im AEI und dem Lateinischen Patriarchat zu machen? <a href=\"https:\/\/pax-friedensdienste.de\/wordpress_d\/?page_id=15\">Hier<\/a> findest du alle Infos zur Bewerbung.&nbsp;<\/p>\n\n\n\n<p>Wenn du noch mehr \u00fcber das Leben und Arbeiten in Pal\u00e4stina\/Israel erfahren m\u00f6chtest, kommst du&nbsp;<a href=\"https:\/\/pax-friedensdienste.de\/wordpress_d\/?p=384\">hier<\/a> zu den Erfahrungsberichten von ehemaligen Freiwilligen.<\/p>\n\n\n\n<figure class=\"wp-block-embed aligncenter is-type-video is-provider-youtube wp-block-embed-youtube wp-embed-aspect-16-9 wp-has-aspect-ratio\"><div class=\"wp-block-embed__wrapper\">\n<iframe loading=\"lazy\" title=\"Friedensdienst in Bethlehem und Jerusalem\" width=\"1170\" height=\"658\" src=\"https:\/\/www.youtube.com\/embed\/H4BEnMiNtWw?feature=oembed\" frameborder=\"0\" allow=\"accelerometer; autoplay; clipboard-write; encrypted-media; gyroscope; picture-in-picture; web-share\" referrerpolicy=\"strict-origin-when-cross-origin\" allowfullscreen><\/iframe>\n<\/div><\/figure>\n","protected":false},"excerpt":{"rendered":"<p>Gastland T\u00e4tigkeitsfeld Landessprache Pal\u00e4stina\/Israel Frieden und Vers\u00f6hnung arabisch\/hebr\u00e4isch Das Projekt pausiert und wird derzeit nicht angeboten Als Freiwillige*r unterst\u00fctzt du die Mitarbeiter*innen des Arab Educational Institute (AEI) bei der Planung, Umsetzung und Nachbereitung von Workshops zum Leben in Pal\u00e4stina. Der Schwerpunkt liegt dabei auf interreligi\u00f6sen und interkulturellen Projekten. Zusammen mit dem \u201eYouth-Staff\u201c betreust und begleitest&hellip;<\/p>\n","protected":false},"author":1,"featured_media":0,"parent":0,"menu_order":0,"comment_status":"closed","ping_status":"closed","template":"","meta":{"ngg_post_thumbnail":0,"footnotes":""},"class_list":["post-103","page","type-page","status-publish","hentry"],"_links":{"self":[{"href":"https:\/\/pax-friedensdienste.de\/wordpress_d\/wp-json\/wp\/v2\/pages\/103","targetHints":{"allow":["GET"]}}],"collection":[{"href":"https:\/\/pax-friedensdienste.de\/wordpress_d\/wp-json\/wp\/v2\/pages"}],"about":[{"href":"https:\/\/pax-friedensdienste.de\/wordpress_d\/wp-json\/wp\/v2\/types\/page"}],"author":[{"embeddable":true,"href":"https:\/\/pax-friedensdienste.de\/wordpress_d\/wp-json\/wp\/v2\/users\/1"}],"replies":[{"embeddable":true,"href":"https:\/\/pax-friedensdienste.de\/wordpress_d\/wp-json\/wp\/v2\/comments?post=103"}],"version-history":[{"count":41,"href":"https:\/\/pax-friedensdienste.de\/wordpress_d\/wp-json\/wp\/v2\/pages\/103\/revisions"}],"predecessor-version":[{"id":1748,"href":"https:\/\/pax-friedensdienste.de\/wordpress_d\/wp-json\/wp\/v2\/pages\/103\/revisions\/1748"}],"wp:attachment":[{"href":"https:\/\/pax-friedensdienste.de\/wordpress_d\/wp-json\/wp\/v2\/media?parent=103"}],"curies":[{"name":"wp","href":"https:\/\/api.w.org\/{rel}","templated":true}]}}