{"id":15,"date":"2019-09-13T09:31:43","date_gmt":"2019-09-13T09:31:43","guid":{"rendered":"https:\/\/pax-friedensdienste.de\/wordpress_d\/?page_id=15"},"modified":"2025-09-04T10:42:51","modified_gmt":"2025-09-04T09:42:51","slug":"bewerbung","status":"publish","type":"page","link":"https:\/\/pax-friedensdienste.de\/wordpress_d\/bewerbung\/","title":{"rendered":"Bewerbung"},"content":{"rendered":"\nngg_shortcode_0_placeholder\n\n\n\n<p><\/p>\n\n\n\n<p><span style=\"color: #000000;\">Deine Bewerbung sollte schriftlich (gerne per Mail) an uns erfolgen. Bitte schick uns den ausgef\u00fcllten <strong><a href=\"https:\/\/pax-friedensdienste.de\/wordpress_d\/wp-content\/uploads\/2025\/09\/Fragebogen_fuer_BewerberInnen_pax-christi.docx\">Fragebogen<\/a><\/strong> zu. Gerne kannst du einen<\/span>\u00a0<b><span style=\"color: #000000;\">Lebenslauf<\/span><\/b><span style=\"color: #000000;\">, dein letztes<\/span>\u00a0<b><span style=\"color: #000000;\">Zeugnis<\/span><\/b><span style=\"color: #000000;\">, eventuelle<\/span>\u00a0<b><span style=\"color: #000000;\">Nachweise<\/span><\/b><span style=\"color: #000000;\">\u00a0\u00fcber Abschl\u00fcsse (Studium oder Ausbildung), ein<\/span>\u00a0<b><span style=\"color: #000000;\">Foto<\/span><\/b><span style=\"color: #000000;\">\u00a0sowie \u2013 wenn vorhanden \u2013 Nachweise \u00fcber Praktika, soziales Engagement oder ehrenamtliche T\u00e4tigkeiten beif\u00fcgen.\u00a0<\/span><\/p>\n\n\n\n<p><span style=\"color: #000000;\">Die Zugeh\u00f6rigkeit zur katholischen Kirche ist&nbsp;<b>KEINE<\/b><\/span><span style=\"color: #000000;\">&nbsp;Bewerbungsvoraussetzung. Wir freuen uns \u00fcber Bewerbungen anderer Konfessionen, religionsloser und religionskritischer Menschen.<\/span><\/p>\n\n\n\n<p><span style=\"color: #000000;\">Den Eingang deiner Bewerbung best\u00e4tigen wir dir schriftlich. Alle Interessent:innen, mit denen wir uns einen Friedensdienst vorstellen k\u00f6nnen, erhalten anschlie\u00dfend eine Einladung zum Kennenlerntag (bzw. zu einem Kennenlerngespr\u00e4ch).<\/span><\/p>\n\n\n\n<p><span style=\"color: #000000;\">Beim Kennenlerngespr\u00e4ch hast du Gelegenheit, dich \u00fcber die Einsatzstellen und pax christi genauer zu informieren. Du kannst deine Motivation f\u00fcr deinen Freiwilligendienst erl\u00e4utern und deine Interessen und Erfahrungen in pers\u00f6nlichen Gespr\u00e4chen darstellen.&nbsp;<\/span><\/p>\n\n\n\n<p><span style=\"color: #000000;\">Nach der Entscheidung des Auswahlgremiums \u00fcber die Besetzung der Einsatzstellen bekommen alle ausgew\u00e4hlten Bewerber*innen einen Vertrag \u00fcber den Freiwilligendienst bei pax christi Aachen angeboten, der \u00fcber Leistungen und Verpflichtungen informiert und mit dem der Freiwilligendienst verbindlich best\u00e4tigt wird.<\/span><\/p>\n\n\n\n<p>Bitte schick uns deine Bewerbung an&nbsp;<a data-wplink-edit=\"true\" href=\"_wp_link_placeholder\">friedensdienste@pax-christi-aachen.de<\/a>, bzw. <a href=\"mailto:eu-volunteers@pax-christi-aachen.de\">eu-volunteers@pax-christi-aachen.de<\/a> f\u00fcr die Stellen in Polen. (Bitte keine Dateien gr\u00f6\u00dfer als 8MB, sonst werden sie nicht empfangen.)<\/p>\n\n\n\n<p>F\u00fcr R\u00fcckfragen stehen wir sehr gerne auch telefonisch unter 0241\/475 964 35 zur Verf\u00fcgung.<\/p>\n\n\n\n<p><\/p>\n","protected":false},"excerpt":{"rendered":"<p>Deine Bewerbung sollte schriftlich (gerne per Mail) an uns erfolgen. Bitte schick uns den ausgef\u00fcllten Fragebogen zu. Gerne kannst du einen\u00a0Lebenslauf, dein letztes\u00a0Zeugnis, eventuelle\u00a0Nachweise\u00a0\u00fcber Abschl\u00fcsse (Studium oder Ausbildung), ein\u00a0Foto\u00a0sowie \u2013 wenn vorhanden \u2013 Nachweise \u00fcber Praktika, soziales Engagement oder ehrenamtliche T\u00e4tigkeiten beif\u00fcgen.\u00a0 Die Zugeh\u00f6rigkeit zur katholischen Kirche ist&nbsp;KEINE&nbsp;Bewerbungsvoraussetzung. Wir freuen uns \u00fcber Bewerbungen anderer Konfessionen,&hellip;<\/p>\n","protected":false},"author":1,"featured_media":0,"parent":0,"menu_order":0,"comment_status":"closed","ping_status":"closed","template":"","meta":{"ngg_post_thumbnail":0,"footnotes":""},"class_list":["post-15","page","type-page","status-publish","hentry"],"_links":{"self":[{"href":"https:\/\/pax-friedensdienste.de\/wordpress_d\/wp-json\/wp\/v2\/pages\/15","targetHints":{"allow":["GET"]}}],"collection":[{"href":"https:\/\/pax-friedensdienste.de\/wordpress_d\/wp-json\/wp\/v2\/pages"}],"about":[{"href":"https:\/\/pax-friedensdienste.de\/wordpress_d\/wp-json\/wp\/v2\/types\/page"}],"author":[{"embeddable":true,"href":"https:\/\/pax-friedensdienste.de\/wordpress_d\/wp-json\/wp\/v2\/users\/1"}],"replies":[{"embeddable":true,"href":"https:\/\/pax-friedensdienste.de\/wordpress_d\/wp-json\/wp\/v2\/comments?post=15"}],"version-history":[{"count":24,"href":"https:\/\/pax-friedensdienste.de\/wordpress_d\/wp-json\/wp\/v2\/pages\/15\/revisions"}],"predecessor-version":[{"id":1666,"href":"https:\/\/pax-friedensdienste.de\/wordpress_d\/wp-json\/wp\/v2\/pages\/15\/revisions\/1666"}],"wp:attachment":[{"href":"https:\/\/pax-friedensdienste.de\/wordpress_d\/wp-json\/wp\/v2\/media?parent=15"}],"curies":[{"name":"wp","href":"https:\/\/api.w.org\/{rel}","templated":true}]}}